{"id":869,"date":"2023-02-09T11:03:06","date_gmt":"2023-02-09T11:03:06","guid":{"rendered":"https:\/\/online-narocanje.si\/?page_id=869"},"modified":"2025-12-11T10:32:30","modified_gmt":"2025-12-11T10:32:30","slug":"pogosta-vprasanja","status":"publish","type":"page","link":"https:\/\/bioterme.si\/de\/pogosta-vprasanja\/","title":{"rendered":"H\u00e4ufig gestellte Fragen"},"content":{"rendered":"<div data-elementor-type=\"wp-page\" data-elementor-id=\"869\" class=\"elementor elementor-869\" data-elementor-post-type=\"page\">\n\t\t\t\t\t\t<section class=\"elementor-section elementor-top-section elementor-element elementor-element-df80193 elementor-section-height-min-height elementor-section-boxed elementor-section-height-default elementor-section-items-middle\" data-id=\"df80193\" data-element_type=\"section\" data-settings=\"{&quot;background_background&quot;:&quot;classic&quot;}\">\n\t\t\t\t\t\t<div class=\"elementor-container elementor-column-gap-default\">\n\t\t\t\t\t<div class=\"elementor-column elementor-col-100 elementor-top-column elementor-element elementor-element-0f86374\" data-id=\"0f86374\" data-element_type=\"column\">\n\t\t\t<div class=\"elementor-widget-wrap\">\n\t\t\t\t\t\t\t<\/div>\n\t\t<\/div>\n\t\t\t\t\t<\/div>\n\t\t<\/section>\n\t\t\t\t<section class=\"elementor-section elementor-top-section elementor-element elementor-element-6ef3b00 elementor-section-boxed elementor-section-height-default elementor-section-height-default\" data-id=\"6ef3b00\" data-element_type=\"section\" data-settings=\"{&quot;background_background&quot;:&quot;classic&quot;}\">\n\t\t\t\t\t\t<div class=\"elementor-container elementor-column-gap-default\">\n\t\t\t\t\t<div class=\"elementor-column elementor-col-100 elementor-top-column elementor-element elementor-element-f1f1e3d\" data-id=\"f1f1e3d\" data-element_type=\"column\">\n\t\t\t<div class=\"elementor-widget-wrap elementor-element-populated\">\n\t\t\t\t\t\t<div class=\"elementor-element elementor-element-25d4397 elementor-widget elementor-widget-heading\" data-id=\"25d4397\" data-element_type=\"widget\" data-widget_type=\"heading.default\">\n\t\t\t\t<div class=\"elementor-widget-container\">\n\t\t\t\t\t<h2 class=\"elementor-heading-title elementor-size-default translation-block\"><b>H\u00e4ufig gestellte Fragen<\/b><\/h2>\t\t\t\t<\/div>\n\t\t\t\t<\/div>\n\t\t\t\t\t<\/div>\n\t\t<\/div>\n\t\t\t\t\t<\/div>\n\t\t<\/section>\n\t\t\t\t<section class=\"elementor-section elementor-top-section elementor-element elementor-element-9a80bbe elementor-section-boxed elementor-section-height-default elementor-section-height-default\" data-id=\"9a80bbe\" data-element_type=\"section\" data-settings=\"{&quot;background_background&quot;:&quot;classic&quot;}\">\n\t\t\t\t\t\t<div class=\"elementor-container elementor-column-gap-default\">\n\t\t\t\t\t<div class=\"elementor-column elementor-col-100 elementor-top-column elementor-element elementor-element-7136014\" data-id=\"7136014\" data-element_type=\"column\">\n\t\t\t<div class=\"elementor-widget-wrap elementor-element-populated\">\n\t\t\t\t\t\t<section class=\"elementor-section elementor-inner-section elementor-element elementor-element-fa8c16d elementor-section-full_width elementor-section-height-default elementor-section-height-default\" data-id=\"fa8c16d\" data-element_type=\"section\">\n\t\t\t\t\t\t<div class=\"elementor-container elementor-column-gap-default\">\n\t\t\t\t\t<div class=\"elementor-column elementor-col-50 elementor-inner-column elementor-element elementor-element-ff46cb2\" data-id=\"ff46cb2\" data-element_type=\"column\">\n\t\t\t<div class=\"elementor-widget-wrap elementor-element-populated\">\n\t\t\t\t\t\t<div class=\"elementor-element elementor-element-32662e7 elementor-widget elementor-widget-heading\" data-id=\"32662e7\" data-element_type=\"widget\" data-widget_type=\"heading.default\">\n\t\t\t\t<div class=\"elementor-widget-container\">\n\t\t\t\t\t<h2 class=\"elementor-heading-title elementor-size-default\">BUCHUNG<\/h2>\t\t\t\t<\/div>\n\t\t\t\t<\/div>\n\t\t\t\t\t<\/div>\n\t\t<\/div>\n\t\t\t\t<div class=\"elementor-column elementor-col-50 elementor-inner-column elementor-element elementor-element-7f72525\" data-id=\"7f72525\" data-element_type=\"column\">\n\t\t\t<div class=\"elementor-widget-wrap elementor-element-populated\">\n\t\t\t\t\t\t<div class=\"elementor-element elementor-element-23eafd8 elementor-widget elementor-widget-heading\" data-id=\"23eafd8\" data-element_type=\"widget\" data-widget_type=\"heading.default\">\n\t\t\t\t<div class=\"elementor-widget-container\">\n\t\t\t\t\t<h2 class=\"elementor-heading-title elementor-size-default\">WIE KANN ICH EINE RESERVIERUNG VORNEHMEN?<\/h2>\t\t\t\t<\/div>\n\t\t\t\t<\/div>\n\t\t\t\t<div class=\"elementor-element elementor-element-3cc40fc elementor-widget elementor-widget-text-editor\" data-id=\"3cc40fc\" data-element_type=\"widget\" data-widget_type=\"text-editor.default\">\n\t\t\t\t<div class=\"elementor-widget-container\">\n\t\t\t\t\t\t\t\t\t<p>Wir empfehlen Ihnen, uns eine E-Mail an booking@bioterme.si zu schicken oder uns unter der Nummer +386 2 56 52 000 anzurufen. Sie k\u00f6nnen auch Ihre eigene Reservierung auf unserer Website vornehmen.\u00a0<\/p>\t\t\t\t\t\t\t\t<\/div>\n\t\t\t\t<\/div>\n\t\t\t\t<div class=\"elementor-element elementor-element-e3c2d5a elementor-widget elementor-widget-heading\" data-id=\"e3c2d5a\" data-element_type=\"widget\" data-widget_type=\"heading.default\">\n\t\t\t\t<div class=\"elementor-widget-container\">\n\t\t\t\t\t<h2 class=\"elementor-heading-title elementor-size-default\">WANN KANN ICH MEINEN AUFENTHALT IN EINEM HOTEL ODER AUF EINEM GLAMPINGPLATZ BEGINNEN?<\/h2>\t\t\t\t<\/div>\n\t\t\t\t<\/div>\n\t\t\t\t<div class=\"elementor-element elementor-element-e620db9 elementor-widget elementor-widget-text-editor\" data-id=\"e620db9\" data-element_type=\"widget\" data-widget_type=\"text-editor.default\">\n\t\t\t\t<div class=\"elementor-widget-container\">\n\t\t\t\t\t\t\t\t\t<p>Die Hotelzimmer sind ab 14:00 Uhr verf\u00fcgbar, die Villen und Zelte des Glamping-Resorts Son\u010dna dolina ab 15:00 Uhr. Am An- und Abreisetag ist ein ganzer Badetag im Preis inbegriffen, daher empfehlen wir Ihnen, die Badem\u00f6glichkeiten vor Ihrem Aufenthalt und nach dem Check-out zu nutzen.\u00a0<\/p>\t\t\t\t\t\t\t\t<\/div>\n\t\t\t\t<\/div>\n\t\t\t\t<div class=\"elementor-element elementor-element-3ce8e02 elementor-widget elementor-widget-heading\" data-id=\"3ce8e02\" data-element_type=\"widget\" data-widget_type=\"heading.default\">\n\t\t\t\t<div class=\"elementor-widget-container\">\n\t\t\t\t\t<h2 class=\"elementor-heading-title elementor-size-default\">WIE KANN ICH EINE RESERVIERUNG STORNIEREN?<\/h2>\t\t\t\t<\/div>\n\t\t\t\t<\/div>\n\t\t\t\t<div class=\"elementor-element elementor-element-2f7f5cc elementor-widget elementor-widget-text-editor\" data-id=\"2f7f5cc\" data-element_type=\"widget\" data-widget_type=\"text-editor.default\">\n\t\t\t\t<div class=\"elementor-widget-container\">\n\t\t\t\t\t\t\t\t\t<p>Der Gast hat das Recht, die Reservierung zu stornieren. Wenn der Gast die Reservierung storniert, hat die Bioterme Mala Nedelja Anspruch auf Erstattung der Stornierungskosten. Die H\u00f6he der Stornokosten richtet sich nach dem Zeitraum, in dem der Gast die Stornierung vorgenommen hat. Die Bioterme Mala Nedelja hat im Falle einer Stornierung Anspruch auf die folgenden Prozents\u00e4tze des Arrangementpreises:<\/p><ul><li>Stornierung bis zu 15 Tage vor der Ankunft - 10 % der Pauschale<\/li><li>14 bis 4 Tage vor der Ankunft - 30 % des Arrangements<\/li><li>3-2 Tage vor der Ankunft - 80 % des Arrangements<\/li><li>1 Tag vor der Ankunft, am Tag der Ankunft oder bei Nichterscheinen am Tag der Buchung - 100 % des Arrangements<\/li><li>Im Falle einer \u00c4nderung der Daten wird die bereits geleistete Anzahlung auf die neuen Daten \u00fcbertragen.<\/li><\/ul>\t\t\t\t\t\t\t\t<\/div>\n\t\t\t\t<\/div>\n\t\t\t\t\t<\/div>\n\t\t<\/div>\n\t\t\t\t\t<\/div>\n\t\t<\/section>\n\t\t\t\t<section class=\"elementor-section elementor-inner-section elementor-element elementor-element-7f3c1b8 elementor-section-full_width elementor-section-height-default elementor-section-height-default\" data-id=\"7f3c1b8\" data-element_type=\"section\">\n\t\t\t\t\t\t<div class=\"elementor-container elementor-column-gap-default\">\n\t\t\t\t\t<div class=\"elementor-column elementor-col-50 elementor-inner-column elementor-element elementor-element-6a2293f\" data-id=\"6a2293f\" data-element_type=\"column\">\n\t\t\t<div class=\"elementor-widget-wrap elementor-element-populated\">\n\t\t\t\t\t\t<div class=\"elementor-element elementor-element-06d97c2 elementor-widget elementor-widget-heading\" data-id=\"06d97c2\" data-element_type=\"widget\" data-widget_type=\"heading.default\">\n\t\t\t\t<div class=\"elementor-widget-container\">\n\t\t\t\t\t<h2 class=\"elementor-heading-title elementor-size-default\">ANKUNFT<\/h2>\t\t\t\t<\/div>\n\t\t\t\t<\/div>\n\t\t\t\t\t<\/div>\n\t\t<\/div>\n\t\t\t\t<div class=\"elementor-column elementor-col-50 elementor-inner-column elementor-element elementor-element-d320c77\" data-id=\"d320c77\" data-element_type=\"column\">\n\t\t\t<div class=\"elementor-widget-wrap elementor-element-populated\">\n\t\t\t\t\t\t<div class=\"elementor-element elementor-element-65588d6 elementor-widget elementor-widget-heading\" data-id=\"65588d6\" data-element_type=\"widget\" data-widget_type=\"heading.default\">\n\t\t\t\t<div class=\"elementor-widget-container\">\n\t\t\t\t\t<h2 class=\"elementor-heading-title elementor-size-default\">WIE KANN ICH MIT DEM AUTO ZUM BIOTERM KOMMEN?<\/h2>\t\t\t\t<\/div>\n\t\t\t\t<\/div>\n\t\t\t\t<div class=\"elementor-element elementor-element-9ec04c5 elementor-widget elementor-widget-text-editor\" data-id=\"9ec04c5\" data-element_type=\"widget\" data-widget_type=\"text-editor.default\">\n\t\t\t\t<div class=\"elementor-widget-container\">\n\t\t\t\t\t\t\t\t\t<p>Wir empfehlen Ihnen, BIOTERME auf Ihrem mobilen Ger\u00e4t einzugeben, wenn Sie ankommen. \u00dcber das Internet erhalten Sie Zugang zu Google Maps, wo Sie eine Wegbeschreibung zu unserem Standort finden.<\/p><p><a href=\"https:\/\/bioterme.si\/de\/\">Biotherme<\/a> liegt in der H\u00fcgellandschaft des nord\u00f6stlichen Sloweniens, 1 km s\u00fcdlich von Mala Nedelja, in der Gemeinde Ljutomer. Die genaue Adresse lautet Moravci v Slovenskih goricah 34, 9243 Mala Nedelja.\u00a0<\/p><p>Es ist 28 km von Ormo\u017e, 24 km von Ptuj und 45 km von Maribor entfernt.<\/p><p><b>GPS: 46.514649, 16.052206<\/b><\/p>\t\t\t\t\t\t\t\t<\/div>\n\t\t\t\t<\/div>\n\t\t\t\t<div class=\"elementor-element elementor-element-948fb2b elementor-widget elementor-widget-image\" data-id=\"948fb2b\" data-element_type=\"widget\" data-widget_type=\"image.default\">\n\t\t\t\t<div class=\"elementor-widget-container\">\n\t\t\t\t\t\t\t\t\t\t\t\t\t\t\t<img fetchpriority=\"high\" decoding=\"async\" width=\"800\" height=\"410\" src=\"https:\/\/bioterme.si\/wp-content\/uploads\/2023\/07\/Bioterme-1024x525.png\" class=\"attachment-large size-large wp-image-3536\" alt=\"\" srcset=\"https:\/\/bioterme.si\/wp-content\/uploads\/2023\/07\/Bioterme-1024x525.png 1024w, https:\/\/bioterme.si\/wp-content\/uploads\/2023\/07\/Bioterme-300x154.png 300w, https:\/\/bioterme.si\/wp-content\/uploads\/2023\/07\/Bioterme-768x394.png 768w, https:\/\/bioterme.si\/wp-content\/uploads\/2023\/07\/Bioterme-18x9.png 18w, https:\/\/bioterme.si\/wp-content\/uploads\/2023\/07\/Bioterme.png 1181w\" sizes=\"(max-width: 800px) 100vw, 800px\" \/>\t\t\t\t\t\t\t\t\t\t\t\t\t\t\t<\/div>\n\t\t\t\t<\/div>\n\t\t\t\t<div class=\"elementor-element elementor-element-e52e823 elementor-widget elementor-widget-heading\" data-id=\"e52e823\" data-element_type=\"widget\" data-widget_type=\"heading.default\">\n\t\t\t\t<div class=\"elementor-widget-container\">\n\t\t\t\t\t<h2 class=\"elementor-heading-title elementor-size-default\">VERF\u00dcGT DAS HOTEL \u00dcBER KOSTENLOSE PARKPL\u00c4TZE?<\/h2>\t\t\t\t<\/div>\n\t\t\t\t<\/div>\n\t\t\t\t<div class=\"elementor-element elementor-element-0acce8e elementor-widget elementor-widget-text-editor\" data-id=\"0acce8e\" data-element_type=\"widget\" data-widget_type=\"text-editor.default\">\n\t\t\t\t<div class=\"elementor-widget-container\">\n\t\t\t\t\t\t\t\t\t<p>F\u00fcr G\u00e4ste, die mit dem Auto anreisen, gibt es mehrere Parkm\u00f6glichkeiten:<\/p><ul><li>Kostenloses Parken auf dem Au\u00dfenparkplatz vor oder gegen\u00fcber dem Hotel oder im Glampingdorf,<\/li><li>Kostenlose Privatparkpl\u00e4tze sind auf einem \u00fcberdachten Parkplatz gegen\u00fcber dem Hotel vorhanden (nur f\u00fcr G\u00e4ste der Unterkunft),<\/li><li>Parkhaus (gegen Aufpreis).<\/li><\/ul>\t\t\t\t\t\t\t\t<\/div>\n\t\t\t\t<\/div>\n\t\t\t\t<div class=\"elementor-element elementor-element-b65d2eb elementor-widget elementor-widget-heading\" data-id=\"b65d2eb\" data-element_type=\"widget\" data-widget_type=\"heading.default\">\n\t\t\t\t<div class=\"elementor-widget-container\">\n\t\t\t\t\t<h2 class=\"elementor-heading-title elementor-size-default\">WIE IST DER ZUSAMMENHANG MIT DEM \u00d6FFENTLICHEN VERKEHR?<\/h2>\t\t\t\t<\/div>\n\t\t\t\t<\/div>\n\t\t\t\t<div class=\"elementor-element elementor-element-ae76582 elementor-widget elementor-widget-text-editor\" data-id=\"ae76582\" data-element_type=\"widget\" data-widget_type=\"text-editor.default\">\n\t\t\t\t<div class=\"elementor-widget-container\">\n\t\t\t\t\t\t\t\t\t<p>Die n\u00e4chstgelegene \u00f6ffentliche Verkehrsverbindung ist Ljutomer, wo ein Taxidienst zur Verf\u00fcgung steht. Taxi Hlebec +386 31 470 836.\u00a0<\/p>\t\t\t\t\t\t\t\t<\/div>\n\t\t\t\t<\/div>\n\t\t\t\t\t<\/div>\n\t\t<\/div>\n\t\t\t\t\t<\/div>\n\t\t<\/section>\n\t\t\t\t<section class=\"elementor-section elementor-inner-section elementor-element elementor-element-8b1cdf6 elementor-section-full_width elementor-section-height-default elementor-section-height-default\" data-id=\"8b1cdf6\" data-element_type=\"section\">\n\t\t\t\t\t\t<div class=\"elementor-container elementor-column-gap-default\">\n\t\t\t\t\t<div class=\"elementor-column elementor-col-50 elementor-inner-column elementor-element elementor-element-479de2a\" data-id=\"479de2a\" data-element_type=\"column\">\n\t\t\t<div class=\"elementor-widget-wrap elementor-element-populated\">\n\t\t\t\t\t\t<div class=\"elementor-element elementor-element-d6ec383 elementor-widget elementor-widget-heading\" data-id=\"d6ec383\" data-element_type=\"widget\" data-widget_type=\"heading.default\">\n\t\t\t\t<div class=\"elementor-widget-container\">\n\t\t\t\t\t<h2 class=\"elementor-heading-title elementor-size-default\">AUFENTHALT<\/h2>\t\t\t\t<\/div>\n\t\t\t\t<\/div>\n\t\t\t\t\t<\/div>\n\t\t<\/div>\n\t\t\t\t<div class=\"elementor-column elementor-col-50 elementor-inner-column elementor-element elementor-element-e16692e\" data-id=\"e16692e\" data-element_type=\"column\">\n\t\t\t<div class=\"elementor-widget-wrap elementor-element-populated\">\n\t\t\t\t\t\t<div class=\"elementor-element elementor-element-1b20ca5 elementor-widget elementor-widget-heading\" data-id=\"1b20ca5\" data-element_type=\"widget\" data-widget_type=\"heading.default\">\n\t\t\t\t<div class=\"elementor-widget-container\">\n\t\t\t\t\t<h2 class=\"elementor-heading-title elementor-size-default\">HABEN SIE BEHINDERTENGERECHTE ZIMMER?<\/h2>\t\t\t\t<\/div>\n\t\t\t\t<\/div>\n\t\t\t\t<div class=\"elementor-element elementor-element-1c6fd47 elementor-widget elementor-widget-text-editor\" data-id=\"1c6fd47\" data-element_type=\"widget\" data-widget_type=\"text-editor.default\">\n\t\t\t\t<div class=\"elementor-widget-container\">\n\t\t\t\t\t\t\t\t\t<p>Das Hotel verf\u00fcgt \u00fcber 2 speziell f\u00fcr behinderte G\u00e4ste eingerichtete Zimmer. Der gesamte Komplex des Bioterme Baths and Hotel ist f\u00fcr behinderte und \u00e4ltere Menschen zug\u00e4nglich.\u00a0<\/p>\t\t\t\t\t\t\t\t<\/div>\n\t\t\t\t<\/div>\n\t\t\t\t<div class=\"elementor-element elementor-element-e1cfce8 elementor-widget elementor-widget-heading\" data-id=\"e1cfce8\" data-element_type=\"widget\" data-widget_type=\"heading.default\">\n\t\t\t\t<div class=\"elementor-widget-container\">\n\t\t\t\t\t<h2 class=\"elementor-heading-title elementor-size-default\">GIBT ES BADEM\u00c4NTEL UND HANDT\u00dcCHER IM ZIMMER?<\/h2>\t\t\t\t<\/div>\n\t\t\t\t<\/div>\n\t\t\t\t<div class=\"elementor-element elementor-element-e8093e1 elementor-widget elementor-widget-text-editor\" data-id=\"e8093e1\" data-element_type=\"widget\" data-widget_type=\"text-editor.default\">\n\t\t\t\t<div class=\"elementor-widget-container\">\n\t\t\t\t\t\t\t\t\t<p>Badem\u00e4ntel sind in bestimmten Angeboten und Paketen enthalten. Wenn ein Bademantel nicht inbegriffen ist, k\u00f6nnen zus\u00e4tzliche Kosten anfallen. Handt\u00fccher werden f\u00fcr den Besuch des Thermalparks nicht im Zimmer zur Verf\u00fcgung gestellt, aber Handt\u00fccher k\u00f6nnen gegen eine Geb\u00fchr an der Rezeption des Thermalparks ausgeliehen werden.<\/p>\t\t\t\t\t\t\t\t<\/div>\n\t\t\t\t<\/div>\n\t\t\t\t<div class=\"elementor-element elementor-element-ca6fe08 elementor-widget elementor-widget-heading\" data-id=\"ca6fe08\" data-element_type=\"widget\" data-widget_type=\"heading.default\">\n\t\t\t\t<div class=\"elementor-widget-container\">\n\t\t\t\t\t<h2 class=\"elementor-heading-title elementor-size-default\">IST ES M\u00d6GLICH, EIN KINDERBETT IN DAS ZIMMER ZU STELLEN?<\/h2>\t\t\t\t<\/div>\n\t\t\t\t<\/div>\n\t\t\t\t<div class=\"elementor-element elementor-element-1fe6847 elementor-widget elementor-widget-text-editor\" data-id=\"1fe6847\" data-element_type=\"widget\" data-widget_type=\"text-editor.default\">\n\t\t\t\t<div class=\"elementor-widget-container\">\n\t\t\t\t\t\t\t\t\t<p>Die meisten Zimmer des Hotels k\u00f6nnen gegen einen Aufpreis mit einem Babybett ausgestattet werden, das bei der Buchung angefragt werden muss.<\/p>\t\t\t\t\t\t\t\t<\/div>\n\t\t\t\t<\/div>\n\t\t\t\t<div class=\"elementor-element elementor-element-089b161 elementor-widget elementor-widget-heading\" data-id=\"089b161\" data-element_type=\"widget\" data-widget_type=\"heading.default\">\n\t\t\t\t<div class=\"elementor-widget-container\">\n\t\t\t\t\t<h2 class=\"elementor-heading-title elementor-size-default\">IST EINE DI\u00c4T M\u00d6GLICH?<\/h2>\t\t\t\t<\/div>\n\t\t\t\t<\/div>\n\t\t\t\t<div class=\"elementor-element elementor-element-b6da766 elementor-widget elementor-widget-text-editor\" data-id=\"b6da766\" data-element_type=\"widget\" data-widget_type=\"text-editor.default\">\n\t\t\t\t<div class=\"elementor-widget-container\">\n\t\t\t\t\t\t\t\t\t<p>Auf Anfrage k\u00f6nnen wir eine di\u00e4tetische Ern\u00e4hrung arrangieren. Bitte geben Sie bei der Buchung die Art der Di\u00e4t an.<\/p>\t\t\t\t\t\t\t\t<\/div>\n\t\t\t\t<\/div>\n\t\t\t\t<div class=\"elementor-element elementor-element-f39b854 elementor-widget elementor-widget-heading\" data-id=\"f39b854\" data-element_type=\"widget\" data-widget_type=\"heading.default\">\n\t\t\t\t<div class=\"elementor-widget-container\">\n\t\t\t\t\t<h2 class=\"elementor-heading-title elementor-size-default\">SIND HAUSTIERE WILLKOMMEN?<\/h2>\t\t\t\t<\/div>\n\t\t\t\t<\/div>\n\t\t\t\t<div class=\"elementor-element elementor-element-c6cca07 elementor-widget elementor-widget-text-editor\" data-id=\"c6cca07\" data-element_type=\"widget\" data-widget_type=\"text-editor.default\">\n\t\t\t\t<div class=\"elementor-widget-container\">\n\t\t\t\t\t\t\t\t\t<p>Haustiere mit einem Gewicht von bis zu 15 kg sind in einigen Glamping-Villen gegen Aufpreis und nach vorheriger Reservierung willkommen. Wenn Sie mit einem Haustier anreisen, beachten Sie bitte die Anweisungen beim Check-in.\u00a0<\/p>\t\t\t\t\t\t\t\t<\/div>\n\t\t\t\t<\/div>\n\t\t\t\t<div class=\"elementor-element elementor-element-1d1bd78 elementor-widget elementor-widget-heading\" data-id=\"1d1bd78\" data-element_type=\"widget\" data-widget_type=\"heading.default\">\n\t\t\t\t<div class=\"elementor-widget-container\">\n\t\t\t\t\t<h2 class=\"elementor-heading-title elementor-size-default\">KANN ICH IM HOTEL FAHRR\u00c4DER MIETEN?<\/h2>\t\t\t\t<\/div>\n\t\t\t\t<\/div>\n\t\t\t\t<div class=\"elementor-element elementor-element-6e2e336 elementor-widget elementor-widget-text-editor\" data-id=\"6e2e336\" data-element_type=\"widget\" data-widget_type=\"text-editor.default\">\n\t\t\t\t<div class=\"elementor-widget-container\">\n\t\t\t\t\t\t\t\t\t<p>Fahrr\u00e4der f\u00fcr Erwachsene ohne Kindersitze sind verf\u00fcgbar. Vermietung f\u00fcr<span style=\"color: var( --e-global-color-primary );\">\u00a02 Stunden kosten \u20ac 3,00 und f\u00fcr den ganzen Tag \u20ac 8,00. Sie k\u00f6nnen im Voraus unter +386 2 56 52 000 gebucht werden.\u00a0<\/span><span style=\"color: var( --e-global-color-primary );\">Elektrofahrr\u00e4der sind nicht verf\u00fcgbar.<\/span><\/p>\t\t\t\t\t\t\t\t<\/div>\n\t\t\t\t<\/div>\n\t\t\t\t<div class=\"elementor-element elementor-element-93c13bc elementor-widget elementor-widget-heading\" data-id=\"93c13bc\" data-element_type=\"widget\" data-widget_type=\"heading.default\">\n\t\t\t\t<div class=\"elementor-widget-container\">\n\t\t\t\t\t<h2 class=\"elementor-heading-title elementor-size-default\">SIND GLAMPING-H\u00c4USER und -Zelte M\u00d6BLIERT?<\/h2>\t\t\t\t<\/div>\n\t\t\t\t<\/div>\n\t\t\t\t<div class=\"elementor-element elementor-element-bded008 elementor-widget elementor-widget-text-editor\" data-id=\"bded008\" data-element_type=\"widget\" data-widget_type=\"text-editor.default\">\n\t\t\t\t<div class=\"elementor-widget-container\">\n\t\t\t\t\t\t\t\t\t<p>Alle Wohneinheiten sind modern eingerichtet und bieten eine perfekte Wohnqualit\u00e4t: Wohnzimmer, Schlafzimmer, K\u00fcche mit allen notwendigen Ger\u00e4ten, eigenes Bad mit Dusche und WC, Klimaanlage, Heizung, Terrasse mit Gartenm\u00f6beln. Einige Glamping-Chalets haben eine private Holzbadewanne mit geothermischem Wasser auf der Terrasse.<\/p>\t\t\t\t\t\t\t\t<\/div>\n\t\t\t\t<\/div>\n\t\t\t\t\t<\/div>\n\t\t<\/div>\n\t\t\t\t\t<\/div>\n\t\t<\/section>\n\t\t\t\t<section class=\"elementor-section elementor-inner-section elementor-element elementor-element-aea885b elementor-section-full_width elementor-section-height-default elementor-section-height-default\" data-id=\"aea885b\" data-element_type=\"section\">\n\t\t\t\t\t\t<div class=\"elementor-container elementor-column-gap-default\">\n\t\t\t\t\t<div class=\"elementor-column elementor-col-50 elementor-inner-column elementor-element elementor-element-869c1a0\" data-id=\"869c1a0\" data-element_type=\"column\">\n\t\t\t<div class=\"elementor-widget-wrap elementor-element-populated\">\n\t\t\t\t\t\t<div class=\"elementor-element elementor-element-860a795 elementor-widget elementor-widget-heading\" data-id=\"860a795\" data-element_type=\"widget\" data-widget_type=\"heading.default\">\n\t\t\t\t<div class=\"elementor-widget-container\">\n\t\t\t\t\t<h2 class=\"elementor-heading-title elementor-size-default\">WEGGANG<\/h2>\t\t\t\t<\/div>\n\t\t\t\t<\/div>\n\t\t\t\t\t<\/div>\n\t\t<\/div>\n\t\t\t\t<div class=\"elementor-column elementor-col-50 elementor-inner-column elementor-element elementor-element-4e29989\" data-id=\"4e29989\" data-element_type=\"column\">\n\t\t\t<div class=\"elementor-widget-wrap elementor-element-populated\">\n\t\t\t\t\t\t<div class=\"elementor-element elementor-element-7605cf7 elementor-widget elementor-widget-heading\" data-id=\"7605cf7\" data-element_type=\"widget\" data-widget_type=\"heading.default\">\n\t\t\t\t<div class=\"elementor-widget-container\">\n\t\t\t\t\t<h2 class=\"elementor-heading-title elementor-size-default\">K\u00d6NNEN WIR FR\u00dcHER ZU UNSERER UNTERKUNFT KOMMEN ODER L\u00c4NGER BLEIBEN?<\/h2>\t\t\t\t<\/div>\n\t\t\t\t<\/div>\n\t\t\t\t<div class=\"elementor-element elementor-element-e36ab9b elementor-widget elementor-widget-text-editor\" data-id=\"e36ab9b\" data-element_type=\"widget\" data-widget_type=\"text-editor.default\">\n\t\t\t\t<div class=\"elementor-widget-container\">\n\t\t\t\t\t\t\t\t\t<p>Der Check-in (sofern verf\u00fcgbar) ist ab 8 Uhr morgens m\u00f6glich. Sie k\u00f6nnen bis 16:00 Uhr in Ihrer Unterkunft bleiben (sofern verf\u00fcgbar). Der Preis betr\u00e4gt 35 \u20ac pro Unterkunft. Eine fr\u00fchere Ankunft oder sp\u00e4tere Abreise muss bei der Buchung angegeben werden.\u00a0<\/p>\t\t\t\t\t\t\t\t<\/div>\n\t\t\t\t<\/div>\n\t\t\t\t<div class=\"elementor-element elementor-element-edf482f elementor-widget elementor-widget-heading\" data-id=\"edf482f\" data-element_type=\"widget\" data-widget_type=\"heading.default\">\n\t\t\t\t<div class=\"elementor-widget-container\">\n\t\t\t\t\t<h2 class=\"elementor-heading-title elementor-size-default\">WO KANN ICH MEIN GEP\u00c4CK ABSTELLEN, WENN ICH VOR DEM EINCHECKEN ZUM SCHWIMMEN KOMME ODER NACH DEM AUSCHECKEN ZUM SCHWIMMEN BLEIBE?<\/h2>\t\t\t\t<\/div>\n\t\t\t\t<\/div>\n\t\t\t\t<div class=\"elementor-element elementor-element-3701ec7 elementor-widget elementor-widget-text-editor\" data-id=\"3701ec7\" data-element_type=\"widget\" data-widget_type=\"text-editor.default\">\n\t\t\t\t<div class=\"elementor-widget-container\">\n\t\t\t\t\t\t\t\t\t<p>Sie k\u00f6nnen Ihr Gep\u00e4ck am Ankunfts- oder Abreisetag an der Rezeption von Bioterme abgeben, um einen entspannten und problemlosen Aufenthalt zu haben.<\/p>\t\t\t\t\t\t\t\t<\/div>\n\t\t\t\t<\/div>\n\t\t\t\t\t<\/div>\n\t\t<\/div>\n\t\t\t\t\t<\/div>\n\t\t<\/section>\n\t\t\t\t<section class=\"elementor-section elementor-inner-section elementor-element elementor-element-7dfd3d9 elementor-section-full_width elementor-section-height-default elementor-section-height-default\" data-id=\"7dfd3d9\" data-element_type=\"section\">\n\t\t\t\t\t\t<div class=\"elementor-container elementor-column-gap-default\">\n\t\t\t\t\t<div class=\"elementor-column elementor-col-50 elementor-inner-column elementor-element elementor-element-51e2fe6\" data-id=\"51e2fe6\" data-element_type=\"column\">\n\t\t\t<div class=\"elementor-widget-wrap elementor-element-populated\">\n\t\t\t\t\t\t<div class=\"elementor-element elementor-element-64063c9 elementor-widget elementor-widget-heading\" data-id=\"64063c9\" data-element_type=\"widget\" data-widget_type=\"heading.default\">\n\t\t\t\t<div class=\"elementor-widget-container\">\n\t\t\t\t\t<h2 class=\"elementor-heading-title elementor-size-default\">VOLLST\u00c4NDIG<\/h2>\t\t\t\t<\/div>\n\t\t\t\t<\/div>\n\t\t\t\t\t<\/div>\n\t\t<\/div>\n\t\t\t\t<div class=\"elementor-column elementor-col-50 elementor-inner-column elementor-element elementor-element-ac666b3\" data-id=\"ac666b3\" data-element_type=\"column\">\n\t\t\t<div class=\"elementor-widget-wrap elementor-element-populated\">\n\t\t\t\t\t\t<div class=\"elementor-element elementor-element-88da0a8 elementor-widget elementor-widget-heading\" data-id=\"88da0a8\" data-element_type=\"widget\" data-widget_type=\"heading.default\">\n\t\t\t\t<div class=\"elementor-widget-container\">\n\t\t\t\t\t<h2 class=\"elementor-heading-title elementor-size-default\">WIE SIND DIE \u00d6FFNUNGSZEITEN DES THERMALPARKS?<\/h2>\t\t\t\t<\/div>\n\t\t\t\t<\/div>\n\t\t\t\t<div class=\"elementor-element elementor-element-abf00b1 elementor-widget elementor-widget-text-editor\" data-id=\"abf00b1\" data-element_type=\"widget\" data-widget_type=\"text-editor.default\">\n\t\t\t\t<div class=\"elementor-widget-container\">\n\t\t\t\t\t\t\t\t\t<p>MONTAGS - DONNERSTAGS, SONNTAGS: 9.00 - 20.00<\/p><p>FREITAG, SAMSTAG: 9.00 - 21.00\u00a0<\/p><p>Wenn auf einen Sonntag ein Feiertag folgt, ist der Thermalpark bis 21:00 Uhr ge\u00f6ffnet.<\/p>\t\t\t\t\t\t\t\t<\/div>\n\t\t\t\t<\/div>\n\t\t\t\t<div class=\"elementor-element elementor-element-750fd8a elementor-widget elementor-widget-heading\" data-id=\"750fd8a\" data-element_type=\"widget\" data-widget_type=\"heading.default\">\n\t\t\t\t<div class=\"elementor-widget-container\">\n\t\t\t\t\t<h2 class=\"elementor-heading-title elementor-size-default\">WO KANN ICH EINEN PREIS F\u00dcR MEINEN AUFENTHALT FINDEN?<\/h2>\t\t\t\t<\/div>\n\t\t\t\t<\/div>\n\t\t\t\t<div class=\"elementor-element elementor-element-1b99438 elementor-widget elementor-widget-text-editor\" data-id=\"1b99438\" data-element_type=\"widget\" data-widget_type=\"text-editor.default\">\n\t\t\t\t<div class=\"elementor-widget-container\">\n\t\t\t\t\t\t\t\t\t<p>Auf der Website unter der Rubrik <strong>\u00dcBER BIOTHERMAH<\/strong>k\u00f6nnen Sie die regul\u00e4re Preisliste f\u00fcr alle Dienstleistungen finden. F\u00fcr eine Pause empfehlen wir Ihnen, einen Blick auf die Angebote unter der Registerkarte AKTUELLE ANGEBOTE zu werfen.\u00a0<\/p><p>Um das beste Angebot zu erhalten, empfehlen wir Ihnen, Ihre W\u00fcnsche\/Anfrage an booking@bioterme.si zu senden. Wir werden Ihnen gerne ein Urlaubsangebot mit den bestm\u00f6glichen Konditionen machen.\u00a0<\/p><p><b>HABEN DIE B\u00dcRGER VON LJUTOMER IRGENDWELCHE VORTEILE?<\/b><\/p><p>Ja, von Montag bis Freitag k\u00f6nnen die B\u00fcrger von Ljutomer folgende Leistungen in Anspruch nehmen <strong data-start=\"238\" data-end=\"253\" data-is-only-node=\"\">25 %-Rabatt<\/strong> Ganztags- und Nachmittagsschwimmkarten. Zum Zeitpunkt des Kaufs ist ein Nachweis \u00fcber den Wohnsitz in Ihrer Heimatgemeinde erforderlich.<\/p><p>\u00a0<\/p>\t\t\t\t\t\t\t\t<\/div>\n\t\t\t\t<\/div>\n\t\t\t\t\t<\/div>\n\t\t<\/div>\n\t\t\t\t\t<\/div>\n\t\t<\/section>\n\t\t\t\t\t<\/div>\n\t\t<\/div>\n\t\t\t\t\t<\/div>\n\t\t<\/section>\n\t\t\t\t<section class=\"elementor-section elementor-top-section elementor-element elementor-element-99df0f0 elementor-section-height-min-height elementor-section-boxed elementor-section-height-default elementor-section-items-middle\" data-id=\"99df0f0\" data-element_type=\"section\" data-settings=\"{&quot;background_background&quot;:&quot;classic&quot;}\">\n\t\t\t\t\t\t<div class=\"elementor-container elementor-column-gap-default\">\n\t\t\t\t\t<div class=\"elementor-column elementor-col-100 elementor-top-column elementor-element elementor-element-e0fe21a\" data-id=\"e0fe21a\" data-element_type=\"column\">\n\t\t\t<div class=\"elementor-widget-wrap elementor-element-populated\">\n\t\t\t\t\t\t<div class=\"elementor-element elementor-element-d97c974 elementor-widget-divider--view-line elementor-widget elementor-widget-divider\" data-id=\"d97c974\" data-element_type=\"widget\" data-widget_type=\"divider.default\">\n\t\t\t\t<div class=\"elementor-widget-container\">\n\t\t\t\t\t\t\t<div class=\"elementor-divider\">\n\t\t\t<span class=\"elementor-divider-separator\">\n\t\t\t\t\t\t<\/span>\n\t\t<\/div>\n\t\t\t\t\t\t<\/div>\n\t\t\t\t<\/div>\n\t\t\t\t<div class=\"elementor-element elementor-element-eaadc7a elementor-widget elementor-widget-heading\" data-id=\"eaadc7a\" data-element_type=\"widget\" data-widget_type=\"heading.default\">\n\t\t\t\t<div class=\"elementor-widget-container\">\n\t\t\t\t\t<h2 class=\"elementor-heading-title elementor-size-default\">WENN SIE DIE ANTWORT NICHT<\/h2>\t\t\t\t<\/div>\n\t\t\t\t<\/div>\n\t\t\t\t<div class=\"elementor-element elementor-element-d090359 elementor-widget elementor-widget-heading\" data-id=\"d090359\" data-element_type=\"widget\" data-widget_type=\"heading.default\">\n\t\t\t\t<div class=\"elementor-widget-container\">\n\t\t\t\t\t<h2 class=\"elementor-heading-title elementor-size-default\"> FINDEN, KONTAKTIEREN<\/h2>\t\t\t\t<\/div>\n\t\t\t\t<\/div>\n\t\t\t\t<div class=\"elementor-element elementor-element-305ed40 elementor-widget elementor-widget-heading\" data-id=\"305ed40\" data-element_type=\"widget\" data-widget_type=\"heading.default\">\n\t\t\t\t<div class=\"elementor-widget-container\">\n\t\t\t\t\t<h2 class=\"elementor-heading-title elementor-size-default\">SIE UNS!<\/h2>\t\t\t\t<\/div>\n\t\t\t\t<\/div>\n\t\t\t\t<div class=\"elementor-element elementor-element-28d1e1e elementor-align-center elementor-hidden-desktop elementor-hidden-tablet elementor-hidden-mobile elementor-widget elementor-widget-button\" data-id=\"28d1e1e\" data-element_type=\"widget\" data-widget_type=\"button.default\">\n\t\t\t\t<div class=\"elementor-widget-container\">\n\t\t\t\t\t\t\t\t\t<div class=\"elementor-button-wrapper\">\n\t\t\t\t\t<a class=\"elementor-button elementor-button-link elementor-size-sm\" href=\"#\">\n\t\t\t\t\t\t<span class=\"elementor-button-content-wrapper\">\n\t\t\t\t\t\t<span class=\"elementor-button-icon\">\n\t\t\t\t<i aria-hidden=\"true\" class=\"fas fa-angle-right\"><\/i>\t\t\t<\/span>\n\t\t\t\t\t\t\t\t\t<span class=\"elementor-button-text\">Kontakt<\/span>\n\t\t\t\t\t<\/span>\n\t\t\t\t\t<\/a>\n\t\t\t\t<\/div>\n\t\t\t\t\t\t\t\t<\/div>\n\t\t\t\t<\/div>\n\t\t\t\t\t<\/div>\n\t\t<\/div>\n\t\t\t\t\t<\/div>\n\t\t<\/section>\n\t\t\t\t<\/div>","protected":false},"excerpt":{"rendered":"<p>FAQ BUCHUNG WIE KANN ICH EINE BUCHUNG VORNEHMEN? Wir empfehlen Ihnen, uns eine E-Mail an booking@bioterme.si zu schicken oder uns unter der Nummer +386 2 56 52 000 anzurufen. Sie k\u00f6nnen Ihre Reservierung auch selbst auf unserer Website vornehmen.  WANN KANN ICH MEINEN AUFENTHALT IM HOTEL ODER AUF DEM GLAMPINGPLATZ BEGINNEN? Hotelzimmer sind ab 14:00 Uhr verf\u00fcgbar, Villen und [...]<\/p>","protected":false},"author":1,"featured_media":0,"parent":0,"menu_order":0,"comment_status":"closed","ping_status":"closed","template":"elementor_header_footer","meta":{"footnotes":""},"class_list":["post-869","page","type-page","status-publish","hentry"],"_links":{"self":[{"href":"https:\/\/bioterme.si\/de\/wp-json\/wp\/v2\/pages\/869","targetHints":{"allow":["GET"]}}],"collection":[{"href":"https:\/\/bioterme.si\/de\/wp-json\/wp\/v2\/pages"}],"about":[{"href":"https:\/\/bioterme.si\/de\/wp-json\/wp\/v2\/types\/page"}],"author":[{"embeddable":true,"href":"https:\/\/bioterme.si\/de\/wp-json\/wp\/v2\/users\/1"}],"replies":[{"embeddable":true,"href":"https:\/\/bioterme.si\/de\/wp-json\/wp\/v2\/comments?post=869"}],"version-history":[{"count":62,"href":"https:\/\/bioterme.si\/de\/wp-json\/wp\/v2\/pages\/869\/revisions"}],"predecessor-version":[{"id":10850,"href":"https:\/\/bioterme.si\/de\/wp-json\/wp\/v2\/pages\/869\/revisions\/10850"}],"wp:attachment":[{"href":"https:\/\/bioterme.si\/de\/wp-json\/wp\/v2\/media?parent=869"}],"curies":[{"name":"wp","href":"https:\/\/api.w.org\/{rel}","templated":true}]}}